{"id":14769,"date":"2020-11-17T18:21:20","date_gmt":"2020-11-17T18:21:20","guid":{"rendered":"https:\/\/www.afrikatiss.org\/?post_type=product&#038;p=14769"},"modified":"2026-04-04T07:36:37","modified_gmt":"2026-04-04T06:36:37","slug":"sac-alima-carre-raye-vert","status":"publish","type":"product","link":"https:\/\/www.afrikatiss.org\/en\/produit\/sac-alima-carre-raye-vert\/","title":{"rendered":"SAC ALIMA &#8211; Carr\u00e9 Ray\u00e9 Vert"},"content":{"rendered":"<p>[et_pb_section fb_built=&#8221;1&#8243; _builder_version=&#8221;3.22&#8243; custom_padding=&#8221;0|0px|3px|0px|false|false&#8221;][et_pb_row custom_padding=&#8221;29px|0px|30px|0px|false|false&#8221; _builder_version=&#8221;3.22&#8243;][et_pb_column type=&#8221;1_4&#8243; _builder_version=&#8221;3.19.17&#8243;][et_pb_image src=&#8221;https:\/\/www.afrikatiss.org\/wp-content\/uploads\/2019\/03\/box-2.png&#8221; _builder_version=&#8221;3.19.17&#8243; max_width=&#8221;15%&#8221; module_alignment=&#8221;center&#8221;][\/et_pb_image][et_pb_text _builder_version=&#8221;3.19.17&#8243;]<\/p>\n<p style=\"text-align: center;\">Livraison \u00e0 domicile \/ en point relais\u00a0<em>(GRATUIT \u00e0 partir de 75\u20ac)<\/em><\/p>\n<p>[\/et_pb_text][\/et_pb_column][et_pb_column type=&#8221;1_4&#8243; _builder_version=&#8221;3.19.17&#8243;][et_pb_image src=&#8221;https:\/\/www.afrikatiss.org\/wp-content\/uploads\/2019\/03\/lock-3.png&#8221; _builder_version=&#8221;3.19.17&#8243; max_width=&#8221;15%&#8221; module_alignment=&#8221;center&#8221;][\/et_pb_image][et_pb_text _builder_version=&#8221;3.19.17&#8243;]<\/p>\n<p style=\"text-align: center;\">Paiement 100% s\u00e9curis\u00e9 en CB<\/p>\n<p>[\/et_pb_text][\/et_pb_column][et_pb_column type=&#8221;1_4&#8243; _builder_version=&#8221;3.19.17&#8243;][et_pb_image src=&#8221;https:\/\/www.afrikatiss.org\/wp-content\/uploads\/2019\/03\/recommended.png&#8221; _builder_version=&#8221;3.19.17&#8243; max_width=&#8221;15%&#8221; module_alignment=&#8221;center&#8221;][\/et_pb_image][et_pb_text _builder_version=&#8221;3.22.1&#8243;]<\/p>\n<p style=\"text-align: center;\">Sac en coton tiss\u00e9e \u00e0 la main au Burkina Faso<\/p>\n<p>[\/et_pb_text][\/et_pb_column][et_pb_column type=&#8221;1_4&#8243; _builder_version=&#8221;3.19.17&#8243;][et_pb_image src=&#8221;https:\/\/www.afrikatiss.org\/wp-content\/uploads\/2019\/03\/exchange-arrows.png&#8221; _builder_version=&#8221;3.19.17&#8243; max_width=&#8221;15%&#8221; module_alignment=&#8221;center&#8221;][\/et_pb_image][et_pb_text _builder_version=&#8221;3.22.1&#8243;]<\/p>\n<p style=\"text-align: center;\">Echange<em> GRATUIT<\/em><\/p>\n<p>[\/et_pb_text][\/et_pb_column][\/et_pb_row][et_pb_row custom_padding=&#8221;||0px|||&#8221; _builder_version=&#8221;3.22.1&#8243;][et_pb_column type=&#8221;4_4&#8243; _builder_version=&#8221;3.22.1&#8243;][et_pb_text _builder_version=&#8221;3.22.1&#8243; header_font=&#8221;Dinpro-bold|700|||||||&#8221; header_text_color=&#8221;#4d5f70&#8243; header_font_size=&#8221;20px&#8221;]<\/p>\n<h1 class=\"modal-title\">Un sac equitable<\/h1>\n<p>[\/et_pb_text][\/et_pb_column][\/et_pb_row][et_pb_row custom_padding=&#8221;||0px|||&#8221; _builder_version=&#8221;3.22&#8243;][et_pb_column type=&#8221;4_4&#8243; _builder_version=&#8221;3.19.17&#8243;][et_pb_text admin_label=&#8221;Texte&#8221; _builder_version=&#8221;3.22.1&#8243;]<\/p>\n<p>La marque<strong><b><span>\u00a0<\/span><\/b><\/strong><strong><b><span>Afrika Tiss<\/span><\/b><\/strong>\u00a0est n\u00e9e d\u2019une ambition, celle de valoriser et diffuser la richesse du patrimoine textile africain. Il s\u2019agit d\u2019encourager la pr\u00e9servation et le renouveau de techniques ancestrales oubli\u00e9es tout en contribuant au d\u00e9veloppement \u00e9conomique de populations d\u00e9favoris\u00e9es. Le <strong>sac equitable\u00a0<\/strong><span face=\"Dinpro-bold, Helvetica, Arial, Lucida, sans-serif\" style=\"font-family: Dinpro-bold, Helvetica, Arial, Lucida, sans-serif;\"><b>Alima<\/b><\/span>\u00a0est aujourd\u2019hui un classique de notre collection.<\/p>\n<p>Les pi\u00e8ces de notre collection Mode \u2013 d\u00e9clin\u00e9e en sacs, pochettes, trousses, \u00e9toles \u2013 transportent dans leurs lignes m\u00e9tiss\u00e9es le r\u00e9sultat d\u2019une qu\u00eate subtile entre coutume et innovation, design et artisanat.<\/p>\n<p>Le <strong>sac \u00e9quitable\u00a0<b><span>Alima<\/span><\/b><\/strong>\u00a0est une pi\u00e8ce unique, historique chez Afrika Tiss, d\u00e9clin\u00e9 en plusieurs couleurs pour tous les go\u00fbts.<\/p>\n<p><strong><b><span>Conseils d\u2019entretien :\u00a0<\/span><\/b><\/strong>Lavage en machine \u00e0 froid. S\u00e9chage \u00e0 plat.<span style=\"font-size: 17px; font-family: 'Open Sans', Arial, sans-serif;\">\u00a0<\/span><\/p>\n<p>[\/et_pb_text][\/et_pb_column][\/et_pb_row][\/et_pb_section]<\/p>\n","protected":false},"excerpt":{"rendered":"<p><span style=\"font-weight: 400;\">Gr\u00e2ce \u00e0 ses motifs g\u00e9om\u00e9triques tiss\u00e9s \u00e0 la main au Burkina Faso, le sac \u00e9quitable Alima est un must-have de la saison.<\/span><\/p>\n<p><span style=\"font-weight: 400;\"> Sa bandouli\u00e8re ajustable et sa taille id\u00e9ale vous permettent de transporter facilement vos objets les plus indispensables, en journ\u00e9e comme en soir\u00e9e.<\/span><\/p>\n<p><span style=\"font-family: din-reg;\"><span style=\"font-weight: 400;\">Taille : <\/span><b>28 x 19 cm<\/b><\/span><\/p>\n","protected":false},"featured_media":14779,"comment_status":"open","ping_status":"closed","template":"","meta":{"_et_pb_use_builder":"on","_et_pb_old_content":"","_et_gb_content_width":"","spay_email":"","jetpack_publicize_message":"","jetpack_is_tweetstorm":false},"product_cat":[180,213,227,214,268],"product_tag":[],"yoast_head":"<!-- This site is optimized with the Yoast SEO plugin v16.7 - https:\/\/yoast.com\/wordpress\/plugins\/seo\/ -->\n<title>Sac Equitable - Mod\u00e8le Alima - Carr\u00e9 ray\u00e9 - Afrika Tiss<\/title>\n<meta name=\"description\" content=\"Sac equitable Alima est tiss\u00e9 \u00e0 la main au Burkina Faso. Sa bandouli\u00e8re ajustable et sa taille vous permettent de transporter facilement vos indispensables.\" \/>\n<meta name=\"robots\" content=\"index, follow, max-snippet:-1, max-image-preview:large, max-video-preview:-1\" \/>\n<link rel=\"canonical\" href=\"https:\/\/www.afrikatiss.org\/en\/produit\/sac-alima-carre-raye-vert\/\" \/>\n<meta property=\"og:locale\" content=\"en_US\" \/>\n<meta property=\"og:type\" content=\"article\" \/>\n<meta property=\"og:title\" content=\"Sac Equitable - Mod\u00e8le Alima - Carr\u00e9 ray\u00e9 - Afrika Tiss\" \/>\n<meta property=\"og:description\" content=\"Sac equitable Alima est tiss\u00e9 \u00e0 la main au Burkina Faso. Sa bandouli\u00e8re ajustable et sa taille vous permettent de transporter facilement vos indispensables.\" \/>\n<meta property=\"og:url\" content=\"https:\/\/www.afrikatiss.org\/produit\/sac-alima-carre-raye-vert\/\" \/>\n<meta property=\"og:site_name\" content=\"Afrika Tiss\" \/>\n<meta property=\"article:modified_time\" content=\"2026-04-04T06:36:37+00:00\" \/>\n<meta property=\"og:image\" content=\"https:\/\/www.afrikatiss.org\/wp-content\/uploads\/2020\/11\/IMG_1380-copie.jpg\" \/>\n\t<meta property=\"og:image:width\" content=\"1575\" \/>\n\t<meta property=\"og:image:height\" content=\"1050\" \/>\n<meta name=\"twitter:card\" content=\"summary_large_image\" \/>\n<meta name=\"twitter:label1\" content=\"Est. reading time\" \/>\n\t<meta name=\"twitter:data1\" content=\"2 minutes\" \/>\n<script type=\"application\/ld+json\" class=\"yoast-schema-graph\">{\"@context\":\"https:\/\/schema.org\",\"@graph\":[{\"@type\":\"WebSite\",\"@id\":\"https:\/\/www.afrikatiss.org\/#website\",\"url\":\"https:\/\/www.afrikatiss.org\/\",\"name\":\"Afrika Tiss\",\"description\":\"artisanat solidaire \",\"potentialAction\":[{\"@type\":\"SearchAction\",\"target\":{\"@type\":\"EntryPoint\",\"urlTemplate\":\"https:\/\/www.afrikatiss.org\/?s={search_term_string}\"},\"query-input\":\"required name=search_term_string\"}],\"inLanguage\":\"en-US\"},{\"@type\":\"ImageObject\",\"@id\":\"https:\/\/www.afrikatiss.org\/produit\/sac-alima-carre-raye-vert\/#primaryimage\",\"inLanguage\":\"en-US\",\"url\":\"https:\/\/www.afrikatiss.org\/wp-content\/uploads\/2020\/11\/IMG_1380-copie.jpg\",\"contentUrl\":\"https:\/\/www.afrikatiss.org\/wp-content\/uploads\/2020\/11\/IMG_1380-copie.jpg\",\"width\":1575,\"height\":1050,\"caption\":\"Sac Alima tissage CR vert\"},{\"@type\":\"WebPage\",\"@id\":\"https:\/\/www.afrikatiss.org\/produit\/sac-alima-carre-raye-vert\/#webpage\",\"url\":\"https:\/\/www.afrikatiss.org\/produit\/sac-alima-carre-raye-vert\/\",\"name\":\"Sac Equitable - Mod\\u00e8le Alima - Carr\\u00e9 ray\\u00e9 - Afrika Tiss\",\"isPartOf\":{\"@id\":\"https:\/\/www.afrikatiss.org\/#website\"},\"primaryImageOfPage\":{\"@id\":\"https:\/\/www.afrikatiss.org\/produit\/sac-alima-carre-raye-vert\/#primaryimage\"},\"datePublished\":\"2020-11-17T18:21:20+00:00\",\"dateModified\":\"2026-04-04T06:36:37+00:00\",\"description\":\"Sac equitable Alima est tiss\\u00e9 \\u00e0 la main au Burkina Faso. Sa bandouli\\u00e8re ajustable et sa taille vous permettent de transporter facilement vos indispensables.\",\"breadcrumb\":{\"@id\":\"https:\/\/www.afrikatiss.org\/produit\/sac-alima-carre-raye-vert\/#breadcrumb\"},\"inLanguage\":\"en-US\",\"potentialAction\":[{\"@type\":\"ReadAction\",\"target\":[\"https:\/\/www.afrikatiss.org\/produit\/sac-alima-carre-raye-vert\/\"]}]},{\"@type\":\"BreadcrumbList\",\"@id\":\"https:\/\/www.afrikatiss.org\/produit\/sac-alima-carre-raye-vert\/#breadcrumb\",\"itemListElement\":[{\"@type\":\"ListItem\",\"position\":1,\"name\":\"Accueil\",\"item\":\"https:\/\/www.afrikatiss.org\/\"},{\"@type\":\"ListItem\",\"position\":2,\"name\":\"\"},{\"@type\":\"ListItem\",\"position\":3,\"name\":\"SAC ALIMA &#8211; Carr\\u00e9 Ray\\u00e9 Vert\"}]}]}<\/script>\n<!-- \/ Yoast SEO plugin. -->","yoast_head_json":{"title":"Sac Equitable - Mod\u00e8le Alima - Carr\u00e9 ray\u00e9 - Afrika Tiss","description":"Sac equitable Alima est tiss\u00e9 \u00e0 la main au Burkina Faso. Sa bandouli\u00e8re ajustable et sa taille vous permettent de transporter facilement vos indispensables.","robots":{"index":"index","follow":"follow","max-snippet":"max-snippet:-1","max-image-preview":"max-image-preview:large","max-video-preview":"max-video-preview:-1"},"canonical":"https:\/\/www.afrikatiss.org\/en\/produit\/sac-alima-carre-raye-vert\/","og_locale":"en_US","og_type":"article","og_title":"Sac Equitable - Mod\u00e8le Alima - Carr\u00e9 ray\u00e9 - Afrika Tiss","og_description":"Sac equitable Alima est tiss\u00e9 \u00e0 la main au Burkina Faso. Sa bandouli\u00e8re ajustable et sa taille vous permettent de transporter facilement vos indispensables.","og_url":"https:\/\/www.afrikatiss.org\/produit\/sac-alima-carre-raye-vert\/","og_site_name":"Afrika Tiss","article_modified_time":"2026-04-04T06:36:37+00:00","og_image":[{"width":1575,"height":1050,"url":"https:\/\/www.afrikatiss.org\/wp-content\/uploads\/2020\/11\/IMG_1380-copie.jpg","path":"\/home\/afrikati\/www\/wp-content\/uploads\/2020\/11\/IMG_1380-copie.jpg","size":"full","id":14779,"alt":"Sac Alima tissage CR vert","pixels":1653750,"type":"image\/jpeg"}],"twitter_card":"summary_large_image","twitter_misc":{"Est. reading time":"2 minutes"},"schema":{"@context":"https:\/\/schema.org","@graph":[{"@type":"WebSite","@id":"https:\/\/www.afrikatiss.org\/#website","url":"https:\/\/www.afrikatiss.org\/","name":"Afrika Tiss","description":"artisanat solidaire ","potentialAction":[{"@type":"SearchAction","target":{"@type":"EntryPoint","urlTemplate":"https:\/\/www.afrikatiss.org\/?s={search_term_string}"},"query-input":"required name=search_term_string"}],"inLanguage":"en-US"},{"@type":"ImageObject","@id":"https:\/\/www.afrikatiss.org\/produit\/sac-alima-carre-raye-vert\/#primaryimage","inLanguage":"en-US","url":"https:\/\/www.afrikatiss.org\/wp-content\/uploads\/2020\/11\/IMG_1380-copie.jpg","contentUrl":"https:\/\/www.afrikatiss.org\/wp-content\/uploads\/2020\/11\/IMG_1380-copie.jpg","width":1575,"height":1050,"caption":"Sac Alima tissage CR vert"},{"@type":"WebPage","@id":"https:\/\/www.afrikatiss.org\/produit\/sac-alima-carre-raye-vert\/#webpage","url":"https:\/\/www.afrikatiss.org\/produit\/sac-alima-carre-raye-vert\/","name":"Sac Equitable - Mod\u00e8le Alima - Carr\u00e9 ray\u00e9 - Afrika Tiss","isPartOf":{"@id":"https:\/\/www.afrikatiss.org\/#website"},"primaryImageOfPage":{"@id":"https:\/\/www.afrikatiss.org\/produit\/sac-alima-carre-raye-vert\/#primaryimage"},"datePublished":"2020-11-17T18:21:20+00:00","dateModified":"2026-04-04T06:36:37+00:00","description":"Sac equitable Alima est tiss\u00e9 \u00e0 la main au Burkina Faso. Sa bandouli\u00e8re ajustable et sa taille vous permettent de transporter facilement vos indispensables.","breadcrumb":{"@id":"https:\/\/www.afrikatiss.org\/produit\/sac-alima-carre-raye-vert\/#breadcrumb"},"inLanguage":"en-US","potentialAction":[{"@type":"ReadAction","target":["https:\/\/www.afrikatiss.org\/produit\/sac-alima-carre-raye-vert\/"]}]},{"@type":"BreadcrumbList","@id":"https:\/\/www.afrikatiss.org\/produit\/sac-alima-carre-raye-vert\/#breadcrumb","itemListElement":[{"@type":"ListItem","position":1,"name":"Accueil","item":"https:\/\/www.afrikatiss.org\/"},{"@type":"ListItem","position":2,"name":""},{"@type":"ListItem","position":3,"name":"SAC ALIMA &#8211; Carr\u00e9 Ray\u00e9 Vert"}]}]}},"jetpack_publicize_connections":[],"jetpack_sharing_enabled":true,"_links":{"self":[{"href":"https:\/\/www.afrikatiss.org\/en\/wp-json\/wp\/v2\/product\/14769"}],"collection":[{"href":"https:\/\/www.afrikatiss.org\/en\/wp-json\/wp\/v2\/product"}],"about":[{"href":"https:\/\/www.afrikatiss.org\/en\/wp-json\/wp\/v2\/types\/product"}],"replies":[{"embeddable":true,"href":"https:\/\/www.afrikatiss.org\/en\/wp-json\/wp\/v2\/comments?post=14769"}],"wp:featuredmedia":[{"embeddable":true,"href":"https:\/\/www.afrikatiss.org\/en\/wp-json\/wp\/v2\/media\/14779"}],"wp:attachment":[{"href":"https:\/\/www.afrikatiss.org\/en\/wp-json\/wp\/v2\/media?parent=14769"}],"wp:term":[{"taxonomy":"product_cat","embeddable":true,"href":"https:\/\/www.afrikatiss.org\/en\/wp-json\/wp\/v2\/product_cat?post=14769"},{"taxonomy":"product_tag","embeddable":true,"href":"https:\/\/www.afrikatiss.org\/en\/wp-json\/wp\/v2\/product_tag?post=14769"}],"curies":[{"name":"wp","href":"https:\/\/api.w.org\/{rel}","templated":true}]}}